{"id":599,"date":"2021-11-29T15:44:12","date_gmt":"2021-11-29T14:44:12","guid":{"rendered":"https:\/\/thueringentherme.de\/ci\/?page_id=599"},"modified":"2026-04-14T09:36:50","modified_gmt":"2026-04-14T07:36:50","slug":"restaurant-zur-quelle","status":"publish","type":"page","link":"https:\/\/www.thueringentherme.de\/ci\/gastronomie\/restaurant-zur-quelle\/","title":{"rendered":"Restaurant \u201eZur Quelle\u201c"},"content":{"rendered":"[et_pb_section fb_built=&#8221;1&#8243; _builder_version=&#8221;4.23&#8243; _module_preset=&#8221;default&#8221; background_image=&#8221;https:\/\/www.thueringentherme.de\/ci\/wp-content\/uploads\/2024\/02\/Restaurant-2.jpg&#8221; min_height=&#8221;360px&#8221; global_colors_info=&#8221;{}&#8221;][et_pb_row _builder_version=&#8221;4.23&#8243; _module_preset=&#8221;default&#8221; global_colors_info=&#8221;{}&#8221;][et_pb_column type=&#8221;4_4&#8243; _builder_version=&#8221;4.23&#8243; _module_preset=&#8221;default&#8221; global_colors_info=&#8221;{}&#8221;][et_pb_text _builder_version=&#8221;4.23&#8243; _module_preset=&#8221;default&#8221; text_text_color=&#8221;#FFFFFF&#8221; header_font=&#8221;||||||||&#8221; header_text_color=&#8221;#FFFFFF&#8221; header_font_size=&#8221;80px&#8221; global_colors_info=&#8221;{}&#8221;]<h1 style=\"text-align: center;\"><strong>Restaurant &#8220;Zur Quelle&#8221;<\/strong><\/h1>\n[\/et_pb_text][\/et_pb_column][\/et_pb_row][\/et_pb_section][et_pb_section fb_built=&#8221;1&#8243; _builder_version=&#8221;4.16&#8243; _module_preset=&#8221;default&#8221; custom_margin=&#8221;-1px|||||&#8221; custom_padding=&#8221;62px||0px|||&#8221; global_colors_info=&#8221;{}&#8221;][et_pb_row _builder_version=&#8221;4.16&#8243; _module_preset=&#8221;default&#8221; global_colors_info=&#8221;{}&#8221;][et_pb_column type=&#8221;4_4&#8243; _builder_version=&#8221;4.16&#8243; _module_preset=&#8221;default&#8221; global_colors_info=&#8221;{}&#8221;][et_pb_text _builder_version=&#8221;4.23&#8243; _module_preset=&#8221;default&#8221; max_width=&#8221;63%&#8221; max_width_tablet=&#8221;100%&#8221; max_width_phone=&#8221;100%&#8221; max_width_last_edited=&#8221;on|tablet&#8221; module_alignment=&#8221;center&#8221; global_colors_info=&#8221;{}&#8221;]<h1 style=\"text-align: center;\"><span style=\"font-size: x-large;\"><strong>Herzlich Willkommen in unserem Restaurant <\/strong><\/span><span style=\"font-size: x-large;\"><strong>\u201eZur Quelle\u201c<\/strong><\/span><\/h1>\n<p style=\"text-align: center;\"><span>Neben hervorragender gastronomischer Betreuung erwarten Sie in unserem Haus eine Vielzahl kulinarischer K\u00f6stlichkeiten.<\/span><\/p>\n[\/et_pb_text][et_pb_text _builder_version=&#8221;4.16&#8243; _module_preset=&#8221;default&#8221; global_colors_info=&#8221;{}&#8221;]<p style=\"text-align: center; color: #cd7823;\">____________<\/p>\n[\/et_pb_text][\/et_pb_column][\/et_pb_row][et_pb_row column_structure=&#8221;1_2,1_2&#8243; _builder_version=&#8221;4.23&#8243; _module_preset=&#8221;default&#8221; max_width=&#8221;757px&#8221; max_width_tablet=&#8221;757px&#8221; max_width_phone=&#8221;757px&#8221; max_width_last_edited=&#8221;on|desktop&#8221; global_colors_info=&#8221;{}&#8221;][et_pb_column type=&#8221;1_2&#8243; _builder_version=&#8221;4.16&#8243; _module_preset=&#8221;default&#8221; global_colors_info=&#8221;{}&#8221;][et_pb_text _builder_version=&#8221;4.27.3&#8243; _module_preset=&#8221;default&#8221; max_width=&#8221;63%&#8221; max_width_tablet=&#8221;100%&#8221; max_width_phone=&#8221;100%&#8221; max_width_last_edited=&#8221;on|tablet&#8221; module_alignment=&#8221;center&#8221; global_colors_info=&#8221;{}&#8221;]<p><strong>\u00d6ffnungzeiten<\/strong><br \/>Montag bis Sonntag<br \/>11:00 Uhr bis 0:00 Uhr<\/p>\n<p>warme K\u00fcche bis 20:30 Uhr|\u00a0 ab 20:30 Uhr bis 21:30 Uhr kleine Karte<\/p>\n<p>&nbsp;<\/p>\n<p>&nbsp;<\/p>\n<p>&nbsp;<\/p>\n<p>&nbsp;<\/p>\n[\/et_pb_text][\/et_pb_column][et_pb_column type=&#8221;1_2&#8243; _builder_version=&#8221;4.16&#8243; _module_preset=&#8221;default&#8221; global_colors_info=&#8221;{}&#8221;][et_pb_text _builder_version=&#8221;4.16&#8243; _module_preset=&#8221;default&#8221; max_width=&#8221;63%&#8221; max_width_tablet=&#8221;100%&#8221; max_width_phone=&#8221;100%&#8221; max_width_last_edited=&#8221;on|tablet&#8221; module_alignment=&#8221;center&#8221; global_colors_info=&#8221;{}&#8221;]<p><strong>Gastraum:<\/strong><br \/>50 Sitzpl\u00e4tze<br \/>30 Sitzpl\u00e4tze im separaten Seminarraum<\/p>\n<p><strong>Telefon:<\/strong><br \/>03601 4012-53<\/p>\n[\/et_pb_text][\/et_pb_column][\/et_pb_row][et_pb_row _builder_version=&#8221;4.16&#8243; _module_preset=&#8221;default&#8221; max_width_tablet=&#8221;&#8221; max_width_phone=&#8221;&#8221; max_width_last_edited=&#8221;on|desktop&#8221; min_height=&#8221;197px&#8221; custom_padding=&#8221;38px|||||&#8221; global_colors_info=&#8221;{}&#8221;][et_pb_column type=&#8221;4_4&#8243; _builder_version=&#8221;4.16&#8243; _module_preset=&#8221;default&#8221; global_colors_info=&#8221;{}&#8221;][et_pb_text _builder_version=&#8221;4.16&#8243; _module_preset=&#8221;default&#8221; max_width=&#8221;63%&#8221; max_width_tablet=&#8221;100%&#8221; max_width_phone=&#8221;100%&#8221; max_width_last_edited=&#8221;on|tablet&#8221; module_alignment=&#8221;center&#8221; global_colors_info=&#8221;{}&#8221;]<p><span>Die Ausstattung von Familienfeiern, Betriebsfeiern, o.\u00e4. (geschlossene Gesellschaft ab einer bestimmten Personenzahl ohne Raummiete) ist im Restaurant &#8220;Zur Quelle&#8221; m\u00f6glich.<\/span><\/p>\n[\/et_pb_text][\/et_pb_column][\/et_pb_row][et_pb_row module_class=&#8221;uk-hidden&#8221; _builder_version=&#8221;4.16&#8243; _module_preset=&#8221;default&#8221; custom_padding=&#8221;118px|20px|0px|20px|false|false&#8221; global_colors_info=&#8221;{}&#8221;][et_pb_column type=&#8221;4_4&#8243; _builder_version=&#8221;4.16&#8243; _module_preset=&#8221;default&#8221; global_colors_info=&#8221;{}&#8221;][et_pb_text _builder_version=&#8221;4.16&#8243; _module_preset=&#8221;default&#8221; max_width=&#8221;63%&#8221; module_alignment=&#8221;center&#8221; global_colors_info=&#8221;{}&#8221;]<h2 style=\"text-align: center;\"><span style=\"font-size: x-large;\"><strong><span>Unser Speisenangebot<\/span><\/strong><\/span><\/h2>\n[\/et_pb_text][\/et_pb_column][\/et_pb_row][et_pb_row column_structure=&#8221;1_3,1_3,1_3&#8243; _builder_version=&#8221;4.27.3&#8243; _module_preset=&#8221;default&#8221; custom_padding=&#8221;14px|20px||20px|false|false&#8221; hover_enabled=&#8221;0&#8243; global_colors_info=&#8221;{}&#8221; sticky_enabled=&#8221;0&#8243;][et_pb_column type=&#8221;1_3&#8243; module_class=&#8221;uk-flex uk-flex-center@l uk-flex-wrap&#8221; _builder_version=&#8221;4.16&#8243; _module_preset=&#8221;default&#8221; global_colors_info=&#8221;{}&#8221; custom_css_before_last_edited=&#8221;on|desktop&#8221; custom_css_main_element_last_edited=&#8221;off|desktop&#8221;][et_pb_button button_url=&#8221;@ET-DC@eyJkeW5hbWljIjp0cnVlLCJjb250ZW50IjoicG9zdF9saW5rX3VybF9hdHRhY2htZW50Iiwic2V0dGluZ3MiOnsicG9zdF9pZCI6IjQ4MjYifX0=@&#8221; url_new_window=&#8221;on&#8221; button_text=&#8221;zur Speisekarte Spargelwochen  vom 20.04.26 bis 21.06.2026 &#8221; _builder_version=&#8221;4.27.3&#8243; _dynamic_attributes=&#8221;button_url&#8221; _module_preset=&#8221;default&#8221; custom_button=&#8221;on&#8221; button_text_size=&#8221;18px&#8221; button_text_color=&#8221;#E02B20&#8243; button_border_width=&#8221;6px&#8221; button_border_radius=&#8221;40px&#8221; hover_enabled=&#8221;0&#8243; global_colors_info=&#8221;{}&#8221; sticky_enabled=&#8221;0&#8243;][\/et_pb_button][\/et_pb_column][et_pb_column type=&#8221;1_3&#8243; module_class=&#8221;uk-flex uk-flex-center@l uk-flex-wrap&#8221; _builder_version=&#8221;4.16&#8243; _module_preset=&#8221;default&#8221; global_colors_info=&#8221;{}&#8221; custom_css_before_last_edited=&#8221;on|desktop&#8221; custom_css_main_element_last_edited=&#8221;off|desktop&#8221;][et_pb_button button_url=&#8221;@ET-DC@eyJkeW5hbWljIjp0cnVlLCJjb250ZW50IjoicG9zdF9saW5rX3VybF9hdHRhY2htZW50Iiwic2V0dGluZ3MiOnsicG9zdF9pZCI6IjM2MjAifX0=@&#8221; url_new_window=&#8221;on&#8221; button_text=&#8221;Speisekarte&#8221; module_class=&#8221;uk-flex&#8221; _builder_version=&#8221;4.23&#8243; _dynamic_attributes=&#8221;button_url&#8221; _module_preset=&#8221;07aec244-ba3d-4cb6-855a-999700f2ea7c&#8221; button_bg_color=&#8221;gcid-fa86b130-4d17-4a72-a4b1-8b684992152f&#8221; button_font=&#8221;|700|||||||&#8221; custom_margin=&#8221;10px|10px|10px|10px|false|false&#8221; global_colors_info=&#8221;{%22gcid-fa86b130-4d17-4a72-a4b1-8b684992152f%22:%91%22button_bg_color%22%93}&#8221;][\/et_pb_button][\/et_pb_column][et_pb_column type=&#8221;1_3&#8243; _builder_version=&#8221;4.27.3&#8243; _module_preset=&#8221;default&#8221; global_colors_info=&#8221;{}&#8221;][et_pb_button button_url=&#8221;@ET-DC@eyJkeW5hbWljIjp0cnVlLCJjb250ZW50IjoicG9zdF9saW5rX3VybF9hdHRhY2htZW50Iiwic2V0dGluZ3MiOnsicG9zdF9pZCI6IjI1OTgifX0=@&#8221; url_new_window=&#8221;on&#8221; button_text=&#8221;Kinderkarte&#8221; module_class=&#8221;uk-flex&#8221; _builder_version=&#8221;4.23&#8243; _dynamic_attributes=&#8221;button_url&#8221; _module_preset=&#8221;07aec244-ba3d-4cb6-855a-999700f2ea7c&#8221; button_bg_color=&#8221;gcid-fa86b130-4d17-4a72-a4b1-8b684992152f&#8221; custom_margin=&#8221;10px|10px|10px|10px|false|false&#8221; global_colors_info=&#8221;{%22gcid-fa86b130-4d17-4a72-a4b1-8b684992152f%22:%91%22button_bg_color%22%93}&#8221;][\/et_pb_button][\/et_pb_column][\/et_pb_row][\/et_pb_section][et_pb_section fb_built=&#8221;1&#8243; _builder_version=&#8221;4.23&#8243; _module_preset=&#8221;default&#8221; global_colors_info=&#8221;{}&#8221;][et_pb_row column_structure=&#8221;1_4,1_4,1_4,1_4&#8243; _builder_version=&#8221;4.23&#8243; _module_preset=&#8221;default&#8221; global_colors_info=&#8221;{}&#8221;][et_pb_column type=&#8221;1_4&#8243; _builder_version=&#8221;4.23&#8243; _module_preset=&#8221;default&#8221; global_colors_info=&#8221;{}&#8221;][et_pb_image src=&#8221;https:\/\/www.thueringentherme.de\/ci\/wp-content\/uploads\/2024\/02\/Zur-Quelle-1.jpg&#8221; title_text=&#8221;Zur Quelle&#8221; _builder_version=&#8221;4.23&#8243; _module_preset=&#8221;default&#8221; global_colors_info=&#8221;{}&#8221;][\/et_pb_image][\/et_pb_column][et_pb_column type=&#8221;1_4&#8243; _builder_version=&#8221;4.23&#8243; _module_preset=&#8221;default&#8221; global_colors_info=&#8221;{}&#8221;][et_pb_image src=&#8221;https:\/\/www.thueringentherme.de\/ci\/wp-content\/uploads\/2024\/02\/Quelle-27.jpg&#8221; title_text=&#8221;Quelle-27&#8243; _builder_version=&#8221;4.23&#8243; _module_preset=&#8221;default&#8221; global_colors_info=&#8221;{}&#8221;][\/et_pb_image][\/et_pb_column][et_pb_column type=&#8221;1_4&#8243; _builder_version=&#8221;4.23&#8243; _module_preset=&#8221;default&#8221; global_colors_info=&#8221;{}&#8221;][et_pb_image src=&#8221;https:\/\/www.thueringentherme.de\/ci\/wp-content\/uploads\/2023\/04\/Koch-Restaurant-zur-Quelle-Thueringentherme-23.jpg&#8221; title_text=&#8221;Koch &#8211; Restaurant zur Quelle-Th\u00fcringentherme-23&#8243; _builder_version=&#8221;4.23&#8243; _module_preset=&#8221;default&#8221; global_colors_info=&#8221;{}&#8221;][\/et_pb_image][\/et_pb_column][et_pb_column type=&#8221;1_4&#8243; _builder_version=&#8221;4.23&#8243; _module_preset=&#8221;default&#8221; global_colors_info=&#8221;{}&#8221;][et_pb_image src=&#8221;https:\/\/www.thueringentherme.de\/ci\/wp-content\/uploads\/2024\/02\/Beratungsraum-Restaurant.jpg&#8221; title_text=&#8221;Beratungsraum Restaurant&#8221; _builder_version=&#8221;4.23&#8243; _module_preset=&#8221;default&#8221; global_colors_info=&#8221;{}&#8221;][\/et_pb_image][\/et_pb_column][\/et_pb_row][et_pb_row column_structure=&#8221;1_2,1_2&#8243; _builder_version=&#8221;4.27.0&#8243; _module_preset=&#8221;default&#8221; global_colors_info=&#8221;{}&#8221;][et_pb_column type=&#8221;1_2&#8243; _builder_version=&#8221;4.27.0&#8243; _module_preset=&#8221;default&#8221; global_colors_info=&#8221;{}&#8221;][et_pb_image src=&#8221;https:\/\/www.thueringentherme.de\/ci\/wp-content\/uploads\/2024\/09\/NP-Partner.jpg&#8221; title_text=&#8221;NP Partner&#8221; _builder_version=&#8221;4.27.0&#8243; _module_preset=&#8221;default&#8221; global_colors_info=&#8221;{}&#8221;][\/et_pb_image][\/et_pb_column][et_pb_column type=&#8221;1_2&#8243; _builder_version=&#8221;4.27.0&#8243; _module_preset=&#8221;default&#8221; global_colors_info=&#8221;{}&#8221;][et_pb_text _builder_version=&#8221;4.27.0&#8243; _module_preset=&#8221;default&#8221; global_colors_info=&#8221;{}&#8221;]<p><strong>Restaurant \u201eZur Quelle\u201c in der TH\u00dcRINGENTHERME <\/strong><\/p>\n<p><strong>ist Nationalpark-Partner<\/strong><\/p>\n<p>Eine\u00a0 Kooperation verbindet ab sofort die Th\u00fcringentherme mit dem Nationalpark Hainich. Das beliebte Restaurant \u201eZur Quelle\u201c in der Therme wurde offiziell zum Nationalpark-Partner ernannt. Damit unterstreichen beide Partner ihr Engagement f\u00fcr die Region.<\/p>\n<p>Als Nationalpark-Partner wird das Restaurant \u201eZur Quelle\u201c k\u00fcnftig noch st\u00e4rker auf regionale Produkte setzen und die Vielfalt der Natur des Hainich auf den Teller bringen. G\u00e4ste k\u00f6nnen sich auch auf saisonale Spezialit\u00e4ten freuen.<\/p>\n<p>Die Kooperation mit dem Nationalpark Hainich ist ein weiterer Schritt in Richtung Nachhaltigkeit.<\/p>\n[\/et_pb_text][\/et_pb_column][\/et_pb_row][\/et_pb_section]","protected":false},"excerpt":{"rendered":"<p>Restaurant &#8220;Zur Quelle&#8221; Herzlich&#8230;<\/p>\n","protected":false},"author":1,"featured_media":0,"parent":397,"menu_order":34,"comment_status":"closed","ping_status":"closed","template":"","meta":{"_custom_body_class":"gastronomie","_custom_post_class":"","_et_pb_use_builder":"on","_et_pb_old_content":"<!-- wp:divi\/placeholder \/-->","_et_gb_content_width":"","footnotes":""},"categories":[],"tags":[],"class_list":["post-599","page","type-page","status-publish","hentry"],"yoast_head":"<!-- This site is optimized with the Yoast SEO plugin v27.5 - https:\/\/yoast.com\/product\/yoast-seo-wordpress\/ -->\n<title>Restaurant \u201eZur Quelle\u201c - Th\u00fcringentherme<\/title>\n<meta name=\"description\" content=\"Hier finden Sie Informationen zum Restaurant &quot;Zur Quelle&quot;, welches sich in der TH\u00dcRINGENTHERME befindet und kulinarische Angebote offeriert.\" \/>\n<meta name=\"robots\" content=\"index, follow, max-snippet:-1, max-image-preview:large, max-video-preview:-1\" \/>\n<link rel=\"canonical\" href=\"https:\/\/www.thueringentherme.de\/ci\/gastronomie\/restaurant-zur-quelle\/\" \/>\n<meta property=\"og:locale\" content=\"de_DE\" \/>\n<meta property=\"og:type\" content=\"article\" \/>\n<meta property=\"og:title\" content=\"Restaurant \u201eZur Quelle\u201c - Th\u00fcringentherme\" \/>\n<meta property=\"og:description\" content=\"Hier finden Sie Informationen zum Restaurant &quot;Zur Quelle&quot;, welches sich in der TH\u00dcRINGENTHERME befindet und kulinarische Angebote offeriert.\" \/>\n<meta property=\"og:url\" content=\"https:\/\/www.thueringentherme.de\/ci\/gastronomie\/restaurant-zur-quelle\/\" \/>\n<meta property=\"og:site_name\" content=\"Th\u00fcringentherme\" \/>\n<meta property=\"article:modified_time\" content=\"2026-04-14T07:36:50+00:00\" \/>\n<meta name=\"twitter:card\" content=\"summary_large_image\" \/>\n<meta name=\"twitter:label1\" content=\"Gesch\u00e4tzte Lesezeit\" \/>\n\t<meta name=\"twitter:data1\" content=\"2\u00a0Minuten\" \/>\n<script type=\"application\/ld+json\" class=\"yoast-schema-graph\">{\"@context\":\"https:\\\/\\\/schema.org\",\"@graph\":[{\"@type\":\"WebPage\",\"@id\":\"https:\\\/\\\/www.thueringentherme.de\\\/ci\\\/gastronomie\\\/restaurant-zur-quelle\\\/\",\"url\":\"https:\\\/\\\/www.thueringentherme.de\\\/ci\\\/gastronomie\\\/restaurant-zur-quelle\\\/\",\"name\":\"Restaurant \u201eZur Quelle\u201c - Th\u00fcringentherme\",\"isPartOf\":{\"@id\":\"https:\\\/\\\/www.thueringentherme.de\\\/ci\\\/#website\"},\"datePublished\":\"2021-11-29T14:44:12+00:00\",\"dateModified\":\"2026-04-14T07:36:50+00:00\",\"description\":\"Hier finden Sie Informationen zum Restaurant \\\"Zur Quelle\\\", welches sich in der TH\u00dcRINGENTHERME befindet und kulinarische Angebote offeriert.\",\"breadcrumb\":{\"@id\":\"https:\\\/\\\/www.thueringentherme.de\\\/ci\\\/gastronomie\\\/restaurant-zur-quelle\\\/#breadcrumb\"},\"inLanguage\":\"de\",\"potentialAction\":[{\"@type\":\"ReadAction\",\"target\":[\"https:\\\/\\\/www.thueringentherme.de\\\/ci\\\/gastronomie\\\/restaurant-zur-quelle\\\/\"]}]},{\"@type\":\"BreadcrumbList\",\"@id\":\"https:\\\/\\\/www.thueringentherme.de\\\/ci\\\/gastronomie\\\/restaurant-zur-quelle\\\/#breadcrumb\",\"itemListElement\":[{\"@type\":\"ListItem\",\"position\":1,\"name\":\"Gastronomie\",\"item\":\"https:\\\/\\\/www.thueringentherme.de\\\/ci\\\/gastronomie\\\/\"},{\"@type\":\"ListItem\",\"position\":2,\"name\":\"Restaurant \u201eZur Quelle\u201c\"}]},{\"@type\":\"WebSite\",\"@id\":\"https:\\\/\\\/www.thueringentherme.de\\\/ci\\\/#website\",\"url\":\"https:\\\/\\\/www.thueringentherme.de\\\/ci\\\/\",\"name\":\"Th\u00fcringentherme\",\"description\":\"\",\"potentialAction\":[{\"@type\":\"SearchAction\",\"target\":{\"@type\":\"EntryPoint\",\"urlTemplate\":\"https:\\\/\\\/www.thueringentherme.de\\\/ci\\\/?s={search_term_string}\"},\"query-input\":{\"@type\":\"PropertyValueSpecification\",\"valueRequired\":true,\"valueName\":\"search_term_string\"}}],\"inLanguage\":\"de\"}]}<\/script>\n<!-- \/ Yoast SEO plugin. -->","yoast_head_json":{"title":"Restaurant \u201eZur Quelle\u201c - Th\u00fcringentherme","description":"Hier finden Sie Informationen zum Restaurant \"Zur Quelle\", welches sich in der TH\u00dcRINGENTHERME befindet und kulinarische Angebote offeriert.","robots":{"index":"index","follow":"follow","max-snippet":"max-snippet:-1","max-image-preview":"max-image-preview:large","max-video-preview":"max-video-preview:-1"},"canonical":"https:\/\/www.thueringentherme.de\/ci\/gastronomie\/restaurant-zur-quelle\/","og_locale":"de_DE","og_type":"article","og_title":"Restaurant \u201eZur Quelle\u201c - Th\u00fcringentherme","og_description":"Hier finden Sie Informationen zum Restaurant \"Zur Quelle\", welches sich in der TH\u00dcRINGENTHERME befindet und kulinarische Angebote offeriert.","og_url":"https:\/\/www.thueringentherme.de\/ci\/gastronomie\/restaurant-zur-quelle\/","og_site_name":"Th\u00fcringentherme","article_modified_time":"2026-04-14T07:36:50+00:00","twitter_card":"summary_large_image","twitter_misc":{"Gesch\u00e4tzte Lesezeit":"2\u00a0Minuten"},"schema":{"@context":"https:\/\/schema.org","@graph":[{"@type":"WebPage","@id":"https:\/\/www.thueringentherme.de\/ci\/gastronomie\/restaurant-zur-quelle\/","url":"https:\/\/www.thueringentherme.de\/ci\/gastronomie\/restaurant-zur-quelle\/","name":"Restaurant \u201eZur Quelle\u201c - Th\u00fcringentherme","isPartOf":{"@id":"https:\/\/www.thueringentherme.de\/ci\/#website"},"datePublished":"2021-11-29T14:44:12+00:00","dateModified":"2026-04-14T07:36:50+00:00","description":"Hier finden Sie Informationen zum Restaurant \"Zur Quelle\", welches sich in der TH\u00dcRINGENTHERME befindet und kulinarische Angebote offeriert.","breadcrumb":{"@id":"https:\/\/www.thueringentherme.de\/ci\/gastronomie\/restaurant-zur-quelle\/#breadcrumb"},"inLanguage":"de","potentialAction":[{"@type":"ReadAction","target":["https:\/\/www.thueringentherme.de\/ci\/gastronomie\/restaurant-zur-quelle\/"]}]},{"@type":"BreadcrumbList","@id":"https:\/\/www.thueringentherme.de\/ci\/gastronomie\/restaurant-zur-quelle\/#breadcrumb","itemListElement":[{"@type":"ListItem","position":1,"name":"Gastronomie","item":"https:\/\/www.thueringentherme.de\/ci\/gastronomie\/"},{"@type":"ListItem","position":2,"name":"Restaurant \u201eZur Quelle\u201c"}]},{"@type":"WebSite","@id":"https:\/\/www.thueringentherme.de\/ci\/#website","url":"https:\/\/www.thueringentherme.de\/ci\/","name":"Th\u00fcringentherme","description":"","potentialAction":[{"@type":"SearchAction","target":{"@type":"EntryPoint","urlTemplate":"https:\/\/www.thueringentherme.de\/ci\/?s={search_term_string}"},"query-input":{"@type":"PropertyValueSpecification","valueRequired":true,"valueName":"search_term_string"}}],"inLanguage":"de"}]}},"_links":{"self":[{"href":"https:\/\/www.thueringentherme.de\/ci\/wp-json\/wp\/v2\/pages\/599","targetHints":{"allow":["GET"]}}],"collection":[{"href":"https:\/\/www.thueringentherme.de\/ci\/wp-json\/wp\/v2\/pages"}],"about":[{"href":"https:\/\/www.thueringentherme.de\/ci\/wp-json\/wp\/v2\/types\/page"}],"author":[{"embeddable":true,"href":"https:\/\/www.thueringentherme.de\/ci\/wp-json\/wp\/v2\/users\/1"}],"replies":[{"embeddable":true,"href":"https:\/\/www.thueringentherme.de\/ci\/wp-json\/wp\/v2\/comments?post=599"}],"version-history":[{"count":63,"href":"https:\/\/www.thueringentherme.de\/ci\/wp-json\/wp\/v2\/pages\/599\/revisions"}],"predecessor-version":[{"id":4828,"href":"https:\/\/www.thueringentherme.de\/ci\/wp-json\/wp\/v2\/pages\/599\/revisions\/4828"}],"up":[{"embeddable":true,"href":"https:\/\/www.thueringentherme.de\/ci\/wp-json\/wp\/v2\/pages\/397"}],"wp:attachment":[{"href":"https:\/\/www.thueringentherme.de\/ci\/wp-json\/wp\/v2\/media?parent=599"}],"wp:term":[{"taxonomy":"category","embeddable":true,"href":"https:\/\/www.thueringentherme.de\/ci\/wp-json\/wp\/v2\/categories?post=599"},{"taxonomy":"post_tag","embeddable":true,"href":"https:\/\/www.thueringentherme.de\/ci\/wp-json\/wp\/v2\/tags?post=599"}],"curies":[{"name":"wp","href":"https:\/\/api.w.org\/{rel}","templated":true}]}}